{"id":8439,"date":"2026-04-17T17:08:15","date_gmt":"2026-04-17T15:08:15","guid":{"rendered":"https:\/\/nologo.cc\/?post_type=product&#038;p=8439"},"modified":"2026-04-24T17:44:16","modified_gmt":"2026-04-24T15:44:16","slug":"klassische-weise-radsocken-copy-copy","status":"publish","type":"product","link":"https:\/\/nologo.cc\/de\/radsocken\/klassische\/klassische-weise-radsocken-copy-copy\/","title":{"rendered":"Klassische lange schwarze Radsocken"},"content":{"rendered":"<div class=\"wpb-content-wrapper\"><p>[vc_row equal_height=&#8221;yes&#8221; content_placement=&#8221;middle&#8221;][vc_column width=&#8221;1\/4&#8243; css=&#8221;.vc_custom_1610106215999{padding-bottom: 20px !important;}&#8221;][vc_single_image image=&#8221;1179&#8243; img_size=&#8221;full&#8221;][\/vc_column][vc_column width=&#8221;1\/4&#8243; css=&#8221;.vc_custom_1610106228659{padding-bottom: 20px !important;}&#8221;][vc_single_image image=&#8221;1181&#8243; img_size=&#8221;full&#8221;][\/vc_column][vc_column width=&#8221;1\/2&#8243;][vc_column_text]<\/p>\n<div class=\"product-page-feature-icons-container\"><img decoding=\"async\" class=\"product-page-feature-icon\" role=\"img\" src=\"https:\/\/nologo.cc\/wp-content\/uploads\/2023\/11\/perfect-fit.svg\" alt=\"\" width=\"300\" height=\"300\"><br \/>\n<img decoding=\"async\" class=\"product-page-feature-icon\" role=\"img\" src=\"https:\/\/nologo.cc\/wp-content\/uploads\/2023\/11\/moisture-wicking.svg\" alt=\"\" width=\"300\" height=\"300\"><br \/>\n<img decoding=\"async\" class=\"product-page-feature-icon\" role=\"img\" src=\"https:\/\/nologo.cc\/wp-content\/uploads\/2023\/11\/light-weight.svg\" alt=\"\" width=\"300\" height=\"300\"><br \/>\n<img decoding=\"async\" class=\"product-page-feature-icon\" role=\"img\" src=\"https:\/\/nologo.cc\/wp-content\/uploads\/2023\/11\/fast-drying.svg\" alt=\"\" width=\"300\" height=\"300\"><br \/>\n<img decoding=\"async\" class=\"product-page-feature-icon\" role=\"img\" src=\"https:\/\/nologo.cc\/wp-content\/uploads\/2023\/11\/efficient-cooling.svg\" alt=\"\" width=\"300\" height=\"300\"><\/div>\n<p>[\/vc_column_text][\/vc_column][\/vc_row][vc_row css=&#8221;.vc_custom_1704119418494{padding-top: 32px !important;}&#8221;][vc_column][vc_column_text css=&#8221;&#8221;]<\/p>\n<h2 data-heading=\"Long description\">Lange schwarze Radsocken f\u00fcr Komfort und t\u00e4gliche Leistung beim Rennradfahren<\/h2>\n<p>Manche Verbesserungen erfordern keine komplette Neuentwicklung. Die Long Black Classics sind f\u00fcr Fahrer konzipiert, die das Tragegef\u00fchl unseres klassischen schwarzen Modells bereits sch\u00e4tzen und sich nun eine h\u00f6here Schafth\u00f6he w\u00fcnschen. Diese Version beh\u00e4lt die gleiche Grundkonstruktion bei und \u00e4ndert lediglich ein Element: Das B\u00fcndchen ist 3 cm l\u00e4nger.  <\/p>\n<h3 data-heading=\"Benefits that matter to the rider on the bike\">Vorteile, die f\u00fcr den Fahrer auf dem Fahrrad wichtig sind<\/h3>\n<ul>\n<li>Die gleiche bew\u00e4hrte klassische Konstruktion, jetzt mit einem 3 cm h\u00f6heren B\u00fcndchen f\u00fcr Fahrer, die eine professionelle Radsocken-Silhouette bevorzugen.<\/li>\n<li>Das Obermaterial aus Mesh sorgt f\u00fcr Luftzirkulation bei warmen bis hei\u00dfen Bedingungen und tr\u00e4gt so dazu bei, dass die F\u00fc\u00dfe auch bei anhaltender Belastung angenehm bleiben.<\/li>\n<li>Dichter gewebte Fu\u00dfzonen sorgen f\u00fcr mehr Struktur in stark beanspruchten Bereichen, sodass die Passform auch bei l\u00e4ngeren Trainingseinheiten stabil bleibt.<\/li>\n<li>PROLEN\u00aeYARN sorgt f\u00fcr leichte Socken, reguliert die Feuchtigkeit und erm\u00f6glicht schnelles Trocknen und einfache Pflege.<\/li>\n<li>Die eng anliegende Passform sorgt f\u00fcr ein angenehmes Tragegef\u00fchl, reduziert die Bewegung im Schuh und verhindert ein Zusammenkn\u00fcllen beim Treten.<\/li>\n<\/ul>\n<h3 data-heading=\"Color and style\">Farbe und Stil<\/h3>\n<p>Schwarz bleibt eine zuverl\u00e4ssige Wahl, wenn du deine Trikots h\u00e4ufig wechselst. Der l\u00e4ngere \u00c4rmelbund sorgt f\u00fcr eine klare Silhouette auf der Stra\u00dfe und wirkt dabei minimalistisch. Er passt zu monochromen Outfits, marineblauen Trikots, Erdt\u00f6nen und farbenfrohen Jerseys.  <\/p>\n<p>F\u00fcr einen sch\u00f6nen Kontrast kombinieren Sie schwarze Socken mit farbenfrohen Schuhen. F\u00fcr ein unauff\u00e4lliges Outfit sollten Schuhe, Socken und Latzhose in dunkleren T\u00f6nen gehalten sein.[\/vc_column_text][\/vc_column][\/vc_row][vc_row css=&#8221;.vc_custom_1704119418494{padding-top: 32px !important;}&#8221;][vc_column width=&#8221;2\/3&#8243;][vc_single_image image=&#8221;8526&#8243; img_size=&#8221;full&#8221; alignment=&#8221;center&#8221;][\/vc_column][vc_column width=&#8221;1\/3&#8243;][vc_single_image image=&#8221;8524&#8243; img_size=&#8221;full&#8221; alignment=&#8221;center&#8221;][\/vc_column][\/vc_row][vc_row css=&#8221;.vc_custom_1704119418494{padding-top: 32px !important;}&#8221;][vc_column][vc_column_text css=&#8221;&#8221;]<\/p>\n<h3 data-heading=\"Comfort and technology\">Komfort und Technologie<\/h3>\n<p>Dieses Modell basiert auf derselben Plattform wie unser Bestseller-Klassiker. Das atmungsaktive Obermaterial aus Mesh sorgt f\u00fcr optimale Bel\u00fcftung, w\u00e4hrend das dichtere Strickgewebe im Fu\u00dfbett f\u00fcr ein sicheres Tragegef\u00fchl sorgt. Diese Balance ist besonders vorteilhaft bei t\u00e4glichen Fahrten.  <\/p>\n<p>Diese Socken sind als Funktionsbekleidung aus PROLEN\u00aeYARN-Faser konzipiert. Das Strickmuster bietet leichte Kompression im Mittelfu\u00dfbereich und stabilen Halt an Ferse und Zehen, einschlie\u00dflich des Zehenballens. Die atmungsaktive Struktur sorgt f\u00fcr ein angenehmes Fu\u00dfklima bei steigenden Temperaturen und Schwei\u00dfbildung.  <\/p>\n<p>Das Material basiert auf PROLEN\u00aeYARN, das f\u00fcr ein leichtes Tragegef\u00fchl auf dem Rad und optimale Feuchtigkeitsableitung sorgt. Die geringe Feuchtigkeitsaufnahme tr\u00e4gt dazu bei, dass sich die Socke beim Radfahren trockener anf\u00fchlt und nach dem Waschen schnell trocknet. Durchgef\u00e4rbtes Garn sorgt au\u00dferdem daf\u00fcr, dass die schwarze Farbe auch nach h\u00e4ufigem Waschen und Radfahren erhalten bleibt.  <\/p>\n<p>Im Vergleich zu speziellen Aero-Radsocken besteht die einzige strukturelle \u00c4nderung in der B\u00fcndchenh\u00f6he: +3 cm gegen\u00fcber dem Standardmodell. Dies sorgt f\u00fcr eine optisch h\u00f6here Beinlinie, die viele Radfahrer mit einem sportlichen Look verbinden, ohne das Tragegef\u00fchl im Schuh zu beeintr\u00e4chtigen. <\/p>\n<h3 data-heading=\"Durability and production\">Haltbarkeit und Produktion<\/h3>\n<p>Die Socken werden in der EU hergestellt, die Materialien stammen aus Europa und die Fertigung findet in Polen statt. Diese Vorgehensweise gew\u00e4hrleistet eine gleichbleibende Qualit\u00e4t bei einem Produkt, das h\u00e4ufig getragen und gewaschen wird. <\/p>\n<p>Die Langlebigkeit resultiert aus der Strickkonstruktion und der Garnwahl. Die dichteren unteren Bereiche sind f\u00fcr wiederholte Belastungen ausgelegt, w\u00e4hrend PROLEN\u00aeYARN regelm\u00e4\u00dfiges Training auch nach vielen Waschg\u00e4ngen erm\u00f6glicht. Dadurch bleibt die Hose langlebig \u2013 ideal f\u00fcr lange Radtouren und den t\u00e4glichen Weg zur Arbeit.  <\/p>\n<p>Im Rahmen der praktischen Nachhaltigkeitsstrategie von nologo reduzieren wir Verpackungsplastik und verwenden Verpackungsl\u00f6sungen aus Recyclingpapier. Wir f\u00fchren au\u00dferdem unser Sockenrecyclingprogramm f\u00fcr getragene Sockenpaare fort.[\/vc_column_text][\/vc_column][\/vc_row][vc_row css=&#8221;.vc_custom_1704119418494{padding-top: 32px !important;}&#8221;][vc_column][vc_single_image image=&#8221;8536&#8243; img_size=&#8221;full&#8221; alignment=&#8221;center&#8221;][\/vc_column][\/vc_row][vc_row css=&#8221;.vc_custom_1704119418494{padding-top: 32px !important;}&#8221;][vc_column][vc_column_text css=&#8221;&#8221;]<\/p>\n<h3 data-heading=\"Practical tips: styling, care, and sizing\">Praktische Tipps: Styling, Pflege und Gr\u00f6\u00dfen.<\/h3>\n<p>F\u00fcr einen stylischen Look w\u00e4hlen Sie die lange schwarze Variante mit h\u00f6herem B\u00fcndchen und neutralem Unterton. Pflegehinweis: Waschen Sie die Socken bei 30 \u00b0C mit \u00e4hnlichen dunklen Farben und lassen Sie sie an der Luft trocknen. Vermeiden Sie Trockner, B\u00fcgeln, Bleichen und chemische Reinigung. Die Socken sind in vier Gr\u00f6\u00dfen erh\u00e4ltlich. Beginnen Sie mit Ihrer \u00fcblichen Gr\u00f6\u00dfe. Liegen Sie zwischen zwei Gr\u00f6\u00dfen, w\u00e4hlen Sie die kleinere f\u00fcr einen festeren Sitz oder die gr\u00f6\u00dfere f\u00fcr ein angenehmeres Tragegef\u00fchl am B\u00fcndchen.[\/vc_column_text][\/vc_column][\/vc_row][vc_row equal_height=&#8221;yes&#8221; content_placement=&#8221;middle&#8221; el_class=&#8221;displaynone&#8221;][vc_column][vc_row_inner content_placement=&#8221;middle&#8221; css=&#8221;.vc_custom_1708282480444{padding-top: 36px !important;padding-bottom: 36px !important;background-color: #ffffff !important;}&#8221; el_id=&#8221;classic-size&#8221;][vc_column_inner width=&#8221;1\/6&#8243;][vc_empty_space][vc_single_image image=&#8221;1728&#8243; img_size=&#8221;full&#8221; alignment=&#8221;center&#8221;][vc_empty_space][\/vc_column_inner][vc_column_inner width=&#8221;5\/6&#8243;][vc_raw_html css=&#8221;&#8221;]PGRpdiBjbGFzcz0iZGl2VGFibGUiPgo8ZGl2IGNsYXNzPSJkaXZUYWJsZUhlYWRpbmciPgo8ZGl2IGNsYXNzPSJkaXZUYWJsZVJvdyI+CjxkaXYgY2xhc3M9ImRpdlRhYmxlSGVhZCI+IDwvZGl2Pgo8ZGl2IGNsYXNzPSJkaXZUYWJsZUhlYWQiPlhTPC9kaXY+CjxkaXYgY2xhc3M9ImRpdlRhYmxlSGVhZCI+UzwvZGl2Pgo8ZGl2IGNsYXNzPSJkaXZUYWJsZUhlYWQiPk08L2Rpdj4KPGRpdiBjbGFzcz0iZGl2VGFibGVIZWFkIj5MPC9kaXY+CjwvZGl2Pgo8L2Rpdj4KPGRpdiBjbGFzcz0iZGl2VGFibGVCb2R5Ij4KPGRpdiBjbGFzcz0iZGl2VGFibGVSb3ciPgo8ZGl2IGNsYXNzPSJkaXZUYWJsZUNlbGxIZWFkIj5FVTwvZGl2Pgo8ZGl2IGNsYXNzPSJkaXZUYWJsZUNlbGwiPjM2IC0gMzg8L2Rpdj4KPGRpdiBjbGFzcz0iZGl2VGFibGVDZWxsIj4zOSAtIDQxPC9kaXY+CjxkaXYgY2xhc3M9ImRpdlRhYmxlQ2VsbCI+NDIgLSA0NDwvZGl2Pgo8ZGl2IGNsYXNzPSJkaXZUYWJsZUNlbGwiPjQ1IC0gNDc8L2Rpdj4KPC9kaXY+CjxkaXYgY2xhc3M9ImRpdlRhYmxlUm93Ij4KPGRpdiBjbGFzcz0iZGl2VGFibGVDZWxsSGVhZCI+Q008L2Rpdj4KPGRpdiBjbGFzcz0iZGl2VGFibGVDZWxsIj4yMyAtIDI0LjU8L2Rpdj4KPGRpdiBjbGFzcz0iZGl2VGFibGVDZWxsIj4yNSAtIDI2LjU8L2Rpdj4KPGRpdiBjbGFzcz0iZGl2VGFibGVDZWxsIj4yNyAtIDI4LjU8L2Rpdj4KPGRpdiBjbGFzcz0iZGl2VGFibGVDZWxsIj4yOSAtIDMwLjU8L2Rpdj4KPC9kaXY+CjxkaXYgY2xhc3M9ImRpdlRhYmxlUm93Ij4KPGRpdiBjbGFzcz0iZGl2VGFibGVDZWxsSGVhZCI+VmVyZWluaWd0ZXMgS8O2bmlncmVpY2g8L2Rpdj4KPGRpdiBjbGFzcz0iZGl2VGFibGVDZWxsIj4zLjUgLSA1LjU8L2Rpdj4KPGRpdiBjbGFzcz0iZGl2VGFibGVDZWxsIj42IC0gNy41PC9kaXY+CjxkaXYgY2xhc3M9ImRpdlRhYmxlQ2VsbCI+OCAtIDkuNTwvZGl2Pgo8ZGl2IGNsYXNzPSJkaXZUYWJsZUNlbGwiPjEwIC0gMTEuNTwvZGl2Pgo8L2Rpdj4KPGRpdiBjbGFzcz0iZGl2VGFibGVSb3ciPgo8ZGl2IGNsYXNzPSJkaXZUYWJsZUNlbGxIZWFkIj5VUyBXTU48L2Rpdj4KPGRpdiBjbGFzcz0iZGl2VGFibGVDZWxsIj41LjUgLSA3LjU8L2Rpdj4KPGRpdiBjbGFzcz0iZGl2VGFibGVDZWxsIj44IC0gOS41PC9kaXY+CjxkaXYgY2xhc3M9ImRpdlRhYmxlQ2VsbCI+MTAgLSAxMS41PC9kaXY+CjxkaXYgY2xhc3M9ImRpdlRhYmxlQ2VsbCI+MTIgLSAxMy41PC9kaXY+CjwvZGl2Pgo8ZGl2IGNsYXNzPSJkaXZUYWJsZVJvdyI+CjxkaXYgY2xhc3M9ImRpdlRhYmxlQ2VsbEhlYWQiPlVTLU3DhE5ORVI8L2Rpdj4KPGRpdiBjbGFzcz0iZGl2VGFibGVDZWxsIj4zLjUgLSA1LjU8L2Rpdj4KPGRpdiBjbGFzcz0iZGl2VGFibGVDZWxsIj42IC0gNy41PC9kaXY+CjxkaXYgY2xhc3M9ImRpdlRhYmxlQ2VsbCI+OCAtIDkuNTwvZGl2Pgo8ZGl2IGNsYXNzPSJkaXZUYWJsZUNlbGwiPjEwIC0gMTEuNTwvZGl2Pgo8L2Rpdj4KPGRpdiBjbGFzcz0iZGl2VGFibGVSb3ciPgo8ZGl2IGNsYXNzPSJkaXZUYWJsZUNlbGxIZWFkIj5Iw5ZIRTwvZGl2Pgo8ZGl2IGNsYXNzPSJkaXZUYWJsZUNlbGwiPjI2ICsvLSAxLDUgY208L2Rpdj4KPGRpdiBjbGFzcz0iZGl2VGFibGVDZWxsIj4yOCArLy0gMSw1IGNtPC9kaXY+CjxkaXYgY2xhc3M9ImRpdlRhYmxlQ2VsbCI+MzAgKy8tIDEsNSBjbTwvZGl2Pgo8ZGl2IGNsYXNzPSJkaXZUYWJsZUNlbGwiPjMyICsvLSAxLDUgY208L2Rpdj4KPC9kaXY+CjwvZGl2Pgo8L2Rpdj4=[\/vc_raw_html][\/vc_column_inner][\/vc_row_inner][\/vc_column][\/vc_row]<\/p>\n<\/div>","protected":false},"excerpt":{"rendered":"<p>Die Long Black Classics beh\u00e4lt die bew\u00e4hrte klassische Konstruktion bei und bietet dank des 3 cm h\u00f6heren Beinabschlusses eine moderne Passform f\u00fcr Rennr\u00e4der. Sie erhalten dieselbe atmungsaktive, stabile und alltagstaugliche Performance, jetzt mit einer l\u00e4ngeren Silhouette. <\/p>\n<p>Kaufgr\u00fcnde:<\/p>\n<ul>\n<li>Die meistverkauften Black Classics, 3 cm gr\u00f6\u00dfer.<\/li>\n<li>Atmungsaktives Netzgewebe f\u00fcr Komfort bei warmem Wetter.<\/li>\n<li>Leichtes PROLEN\u00ae-Garn f\u00fcr optimale Feuchtigkeitsregulierung.<\/li>\n<li>Minimalistischer dunkler Stil, leicht zu kombinieren.<\/li>\n<\/ul>\n<p><img decoding=\"async\" class=\"alignnone wp-image-658 size-medium\" role=\"img\" src=\"https:\/\/nologo.cc\/wp-content\/uploads\/2023\/11\/Trustpilot-Excellent-Rating-ShortDesc.svg\" alt=\"\" width=\"300\" height=\"300\"><\/p>\n<p>Zwischengr\u00f6\u00dfen? Wir empfehlen Ihnen, eine Nummer kleiner zu w\u00e4hlen.<br \/>\n Siehe die <a class=\"nm-lightbox\" href=\"#classic-size\">Gr\u00f6\u00dfentabelle<\/a> .<\/p>\n<p>Bewertet von verifizierten Kunden:<\/p>\n","protected":false},"featured_media":8475,"comment_status":"open","ping_status":"closed","template":"","meta":[],"product_brand":[],"product_cat":[84],"product_tag":[],"class_list":{"0":"post-8439","1":"product","2":"type-product","3":"status-publish","4":"has-post-thumbnail","6":"product_cat-klassische","8":"first","9":"instock","10":"taxable","11":"shipping-taxable","12":"purchasable","13":"product-type-variable"},"_links":{"self":[{"href":"https:\/\/nologo.cc\/de\/wp-json\/wp\/v2\/product\/8439","targetHints":{"allow":["GET"]}}],"collection":[{"href":"https:\/\/nologo.cc\/de\/wp-json\/wp\/v2\/product"}],"about":[{"href":"https:\/\/nologo.cc\/de\/wp-json\/wp\/v2\/types\/product"}],"replies":[{"embeddable":true,"href":"https:\/\/nologo.cc\/de\/wp-json\/wp\/v2\/comments?post=8439"}],"wp:featuredmedia":[{"embeddable":true,"href":"https:\/\/nologo.cc\/de\/wp-json\/wp\/v2\/media\/8475"}],"wp:attachment":[{"href":"https:\/\/nologo.cc\/de\/wp-json\/wp\/v2\/media?parent=8439"}],"wp:term":[{"taxonomy":"product_brand","embeddable":true,"href":"https:\/\/nologo.cc\/de\/wp-json\/wp\/v2\/product_brand?post=8439"},{"taxonomy":"product_cat","embeddable":true,"href":"https:\/\/nologo.cc\/de\/wp-json\/wp\/v2\/product_cat?post=8439"},{"taxonomy":"product_tag","embeddable":true,"href":"https:\/\/nologo.cc\/de\/wp-json\/wp\/v2\/product_tag?post=8439"}],"curies":[{"name":"wp","href":"https:\/\/api.w.org\/{rel}","templated":true}]}}