{"id":8444,"date":"2026-04-17T17:08:15","date_gmt":"2026-04-17T15:08:15","guid":{"rendered":"https:\/\/nologo.cc\/?post_type=product&#038;p=8444"},"modified":"2026-04-24T17:44:16","modified_gmt":"2026-04-24T15:44:16","slug":"calzini-da-ciclismo-bianchi-classici-copy-copy","status":"publish","type":"product","link":"https:\/\/nologo.cc\/it\/calzini-da-ciclismo\/calzini-da-ciclismo-classici\/calzini-da-ciclismo-bianchi-classici-copy-copy\/","title":{"rendered":"Calzini da ciclismo classici lunghi neri"},"content":{"rendered":"<div class=\"wpb-content-wrapper\"><p>[vc_row equal_height=&#8221;yes&#8221; content_placement=&#8221;middle&#8221;][vc_column width=&#8221;1\/4&#8243; css=&#8221;.vc_custom_1610106215999{padding-bottom: 20px !important;}&#8221;][vc_single_image image=&#8221;5688&#8243; img_size=&#8221;full&#8221;][\/vc_column][vc_column width=&#8221;1\/4&#8243; css=&#8221;.vc_custom_1610106228659{padding-bottom: 20px !important;}&#8221;][vc_single_image image=&#8221;5689&#8243; img_size=&#8221;full&#8221;][\/vc_column][vc_column width=&#8221;1\/2&#8243;][vc_column_text]<\/p>\n<div class=\"product-page-feature-icons-container\"><img decoding=\"async\" class=\"product-page-feature-icon\" role=\"img\" src=\"https:\/\/nologo.cc\/wp-content\/uploads\/2023\/11\/perfect-fit.svg\" alt=\"\" width=\"300\" height=\"300\"><br \/>\n<img decoding=\"async\" class=\"product-page-feature-icon\" role=\"img\" src=\"https:\/\/nologo.cc\/wp-content\/uploads\/2023\/11\/moisture-wicking.svg\" alt=\"\" width=\"300\" height=\"300\"><br \/>\n<img decoding=\"async\" class=\"product-page-feature-icon\" role=\"img\" src=\"https:\/\/nologo.cc\/wp-content\/uploads\/2023\/11\/light-weight.svg\" alt=\"\" width=\"300\" height=\"300\"><br \/>\n<img decoding=\"async\" class=\"product-page-feature-icon\" role=\"img\" src=\"https:\/\/nologo.cc\/wp-content\/uploads\/2023\/11\/fast-drying.svg\" alt=\"\" width=\"300\" height=\"300\"><br \/>\n<img decoding=\"async\" class=\"product-page-feature-icon\" role=\"img\" src=\"https:\/\/nologo.cc\/wp-content\/uploads\/2023\/11\/efficient-cooling.svg\" alt=\"\" width=\"300\" height=\"300\"><\/div>\n<p>[\/vc_column_text][\/vc_column][\/vc_row][vc_row css=&#8221;.vc_custom_1704119418494{padding-top: 32px !important;}&#8221;][vc_column][vc_column_text css=&#8221;&#8221;]<\/p>\n<h2 data-heading=\"Long description\">Calze lunghe nere da ciclismo per comfort e prestazioni ottimali nel ciclismo su strada.<\/h2>\n<p>Alcuni aggiornamenti non richiedono una riprogettazione completa. Le Long Black Classic sono pensate per i rider che gi\u00e0 apprezzano la sensazione del nostro classico modello nero e ora desiderano una calza pi\u00f9 alta. Questa versione mantiene la stessa struttura di base e modifica un solo elemento: il bordo \u00e8 pi\u00f9 lungo di 3 cm.  <\/p>\n<h3 data-heading=\"Benefits that matter to the rider on the bike\">Vantaggi importanti per il ciclista<\/h3>\n<ul>\n<li>Stessa classica costruzione collaudata, ora con un bordo pi\u00f9 alto di 3 cm per i ciclisti che preferiscono la silhouette dei calzini da ciclismo professionali.<\/li>\n<li>La tomaia in mesh favorisce la circolazione dell&#8217;aria in condizioni climatiche calde, contribuendo a mantenere i piedi comodi anche durante sforzi prolungati.<\/li>\n<li>Le zone di maggiore densit\u00e0 del piede aggiungono struttura nelle aree di maggiore contatto, garantendo una calzata stabile anche durante sessioni di allenamento pi\u00f9 lunghe.<\/li>\n<li>Il filato PROLEN\u00ae mantiene la calza leggera, aiuta a gestire l&#8217;umidit\u00e0 e favorisce un&#8217;asciugatura rapida e una facile manutenzione.<\/li>\n<li>La calzata aderente e performante offre una sensazione di comfort, riduce i movimenti all&#8217;interno della scarpa e limita l&#8217;arricciamento durante la pedalata.<\/li>\n<\/ul>\n<h3 data-heading=\"Color and style\">Colore e stile<\/h3>\n<p>Il nero rimane una scelta sicura anche se il tuo equipaggiamento cambia spesso. Il polsino pi\u00f9 lungo mantiene una silhouette pi\u00f9 pulita e minimalista. Si abbina bene a completi monocromatici, divise blu navy, tonalit\u00e0 della terra e maglie dai colori pi\u00f9 vivaci.  <\/p>\n<p>Per creare contrasto, abbina calzini neri a scarpe dai colori vivaci. Per un look pi\u00f9 discreto, scegli scarpe, calzini e bavaglini in tonalit\u00e0 pi\u00f9 scure.[\/vc_column_text][\/vc_column][\/vc_row][vc_row css=&#8221;.vc_custom_1704119418494{padding-top: 32px !important;}&#8221;][vc_column width=&#8221;2\/3&#8243;][vc_single_image image=&#8221;8526&#8243; img_size=&#8221;full&#8221; alignment=&#8221;center&#8221;][\/vc_column][vc_column width=&#8221;1\/3&#8243;][vc_single_image image=&#8221;8524&#8243; img_size=&#8221;full&#8221; alignment=&#8221;center&#8221;][\/vc_column][\/vc_row][vc_row css=&#8221;.vc_custom_1704119418494{padding-top: 32px !important;}&#8221;][vc_column][vc_column_text css=&#8221;&#8221;]<\/p>\n<h3 data-heading=\"Comfort and technology\">Comfort e tecnologia<\/h3>\n<p>Questa \u00e8 la stessa piattaforma del nostro modello classico pi\u00f9 venduto. La tomaia in mesh favorisce la traspirabilit\u00e0, mentre la soletta in maglia pi\u00f9 fitta offre una maggiore stabilit\u00e0 nel punto di appoggio del piede. Questo equilibrio \u00e8 ideale per le uscite di tutti i giorni.  <\/p>\n<p>Le calze sono progettate come un capo tecnico realizzato con la fibra PROLEN\u00aeYARN. La lavorazione a maglia offre una leggera compressione nella zona mediale del piede e un contatto stabile intorno al tallone e alla punta, compresa l&#8217;area della pianta del piede. Questa struttura traspirante permette ai piedi di respirare quando la temperatura aumenta e si suda.  <\/p>\n<p>Il tessuto \u00e8 basato su PROLEN\u00aeYARN, selezionato per la sua leggerezza in sella e per la sua pratica capacit\u00e0 di allontanare l&#8217;umidit\u00e0. Il basso assorbimento di umidit\u00e0 contribuisce a mantenere la calza asciutta durante l&#8217;attivit\u00e0 fisica e ad asciugarsi rapidamente dopo il lavaggio. Il filato tinto in massa, inoltre, garantisce che il colore nero mantenga la sua uniformit\u00e0 visiva anche dopo ripetuti lavaggi e uscite in bici.  <\/p>\n<p>Rispetto ai calzini da ciclismo aerodinamici specifici, l&#8217;unica differenza strutturale risiede nell&#8217;altezza del bordo: +3 cm rispetto al modello classico standard. Questo conferisce alla gamba una linea pi\u00f9 alta, che molti ciclisti associano a un look ad alte prestazioni, senza alterare la sensazione al piede e alla scarpa. <\/p>\n<h3 data-heading=\"Durability and production\">durabilit\u00e0 e produzione<\/h3>\n<p>I calzini sono prodotti nell&#8217;UE, con materiali provenienti dall&#8217;Europa e lavorazione in Polonia. Questa struttura ci permette di garantire uniformit\u00e0 a un prodotto utilizzato e lavato ripetutamente. <\/p>\n<p>La resistenza \u00e8 garantita sia dalla struttura della maglia che dalla scelta del filato. Le zone inferiori pi\u00f9 dense sono progettate per resistere ai punti di pressione ripetuti, mentre il filato PROLEN\u00aeYARN supporta un utilizzo regolare durante l&#8217;allenamento e numerosi lavaggi. Questo rende le scarpe resistenti anche durante le lunghe pedalate e gli spostamenti quotidiani.  <\/p>\n<p>Nell&#8217;ambito della strategia di sostenibilit\u00e0 di nologo, riduciamo l&#8217;utilizzo di plastica negli imballaggi e impieghiamo soluzioni di imballaggio in carta riciclata. Manteniamo inoltre attivo il nostro programma di riciclo dei calzini usati.[\/vc_column_text][\/vc_column][\/vc_row][vc_row css=&#8221;.vc_custom_1704119418494{padding-top: 32px !important;}&#8221;][vc_column][vc_single_image image=&#8221;8536&#8243; img_size=&#8221;full&#8221; alignment=&#8221;center&#8221;][\/vc_column][\/vc_row][vc_row css=&#8221;.vc_custom_1704119418494{padding-top: 32px !important;}&#8221;][vc_column][vc_column_text css=&#8221;&#8221;]<\/p>\n<h3 data-heading=\"Practical tips: styling, care, and sizing\">Consigli pratici: stile, cura e taglie<\/h3>\n<p>Per lo stile, scegli la versione lunga nera per un risvolto pi\u00f9 alto e una base neutra. Per la cura, lavare a 30\u00b0C con colori scuri simili e asciugare all&#8217;aria. Evitare l&#8217;asciugatrice, la stiratura, la candeggina e il lavaggio a secco. I calzini sono disponibili in quattro taglie, quindi inizia con la tua taglia abituale; se sei a cavallo tra due taglie, scegli la taglia pi\u00f9 piccola per una vestibilit\u00e0 pi\u00f9 aderente o la taglia pi\u00f9 grande per un risvolto pi\u00f9 comodo.[\/vc_column_text][\/vc_column][\/vc_row][vc_row equal_height=&#8221;yes&#8221; content_placement=&#8221;middle&#8221; el_class=&#8221;displaynone&#8221;][vc_column][vc_row_inner content_placement=&#8221;middle&#8221; css=&#8221;.vc_custom_1708282480444{padding-top: 36px !important;padding-bottom: 36px !important;background-color: #ffffff !important;}&#8221; el_id=&#8221;classic-size&#8221;][vc_column_inner width=&#8221;1\/6&#8243;][vc_empty_space][vc_single_image image=&#8221;5336&#8243; img_size=&#8221;full&#8221; alignment=&#8221;center&#8221;][vc_empty_space][\/vc_column_inner][vc_column_inner width=&#8221;5\/6&#8243;][vc_raw_html css=&#8221;&#8221;]PGRpdiBjbGFzcz0iZGl2VGFibGUiPgo8ZGl2IGNsYXNzPSJkaXZUYWJsZUhlYWRpbmciPgo8ZGl2IGNsYXNzPSJkaXZUYWJsZVJvdyI+CjxkaXYgY2xhc3M9ImRpdlRhYmxlSGVhZCI+IDwvZGl2Pgo8ZGl2IGNsYXNzPSJkaXZUYWJsZUhlYWQiPlRhZ2xpYSBYUzwvZGl2Pgo8ZGl2IGNsYXNzPSJkaXZUYWJsZUhlYWQiPlM8L2Rpdj4KPGRpdiBjbGFzcz0iZGl2VGFibGVIZWFkIj5NPC9kaXY+CjxkaXYgY2xhc3M9ImRpdlRhYmxlSGVhZCI+TDwvZGl2Pgo8L2Rpdj4KPC9kaXY+CjxkaXYgY2xhc3M9ImRpdlRhYmxlQm9keSI+CjxkaXYgY2xhc3M9ImRpdlRhYmxlUm93Ij4KPGRpdiBjbGFzcz0iZGl2VGFibGVDZWxsSGVhZCI+VW5pb25lIEV1cm9wZWE8L2Rpdj4KPGRpdiBjbGFzcz0iZGl2VGFibGVDZWxsIj4zNiAtIDM4PC9kaXY+CjxkaXYgY2xhc3M9ImRpdlRhYmxlQ2VsbCI+MzkgLSA0MTwvZGl2Pgo8ZGl2IGNsYXNzPSJkaXZUYWJsZUNlbGwiPjQyIC0gNDQ8L2Rpdj4KPGRpdiBjbGFzcz0iZGl2VGFibGVDZWxsIj40NSAtIDQ3PC9kaXY+CjwvZGl2Pgo8ZGl2IGNsYXNzPSJkaXZUYWJsZVJvdyI+CjxkaXYgY2xhc3M9ImRpdlRhYmxlQ2VsbEhlYWQiPkNNPC9kaXY+CjxkaXYgY2xhc3M9ImRpdlRhYmxlQ2VsbCI+MjMgLSAyNC41PC9kaXY+CjxkaXYgY2xhc3M9ImRpdlRhYmxlQ2VsbCI+MjUgLSAyNi41PC9kaXY+CjxkaXYgY2xhc3M9ImRpdlRhYmxlQ2VsbCI+MjcgLSAyOC41PC9kaXY+CjxkaXYgY2xhc3M9ImRpdlRhYmxlQ2VsbCI+MjkgLSAzMC41PC9kaXY+CjwvZGl2Pgo8ZGl2IGNsYXNzPSJkaXZUYWJsZVJvdyI+CjxkaXYgY2xhc3M9ImRpdlRhYmxlQ2VsbEhlYWQiPlJlZ25vIFVuaXRvPC9kaXY+CjxkaXYgY2xhc3M9ImRpdlRhYmxlQ2VsbCI+My41IC0gNS41PC9kaXY+CjxkaXYgY2xhc3M9ImRpdlRhYmxlQ2VsbCI+NiAtIDcuNTwvZGl2Pgo8ZGl2IGNsYXNzPSJkaXZUYWJsZUNlbGwiPjggLSA5LjU8L2Rpdj4KPGRpdiBjbGFzcz0iZGl2VGFibGVDZWxsIj4xMCAtIDExLjU8L2Rpdj4KPC9kaXY+CjxkaXYgY2xhc3M9ImRpdlRhYmxlUm93Ij4KPGRpdiBjbGFzcz0iZGl2VGFibGVDZWxsSGVhZCI+RG9ubmUgc3RhdHVuaXRlbnNpPC9kaXY+CjxkaXYgY2xhc3M9ImRpdlRhYmxlQ2VsbCI+NS41IC0gNy41PC9kaXY+CjxkaXYgY2xhc3M9ImRpdlRhYmxlQ2VsbCI+OCAtIDkuNTwvZGl2Pgo8ZGl2IGNsYXNzPSJkaXZUYWJsZUNlbGwiPjEwIC0gMTEuNTwvZGl2Pgo8ZGl2IGNsYXNzPSJkaXZUYWJsZUNlbGwiPjEyIC0gMTMuNTwvZGl2Pgo8L2Rpdj4KPGRpdiBjbGFzcz0iZGl2VGFibGVSb3ciPgo8ZGl2IGNsYXNzPSJkaXZUYWJsZUNlbGxIZWFkIj5VT01JTkkgU1RBVFVOSVRFTlNJPC9kaXY+CjxkaXYgY2xhc3M9ImRpdlRhYmxlQ2VsbCI+My41IC0gNS41PC9kaXY+CjxkaXYgY2xhc3M9ImRpdlRhYmxlQ2VsbCI+NiAtIDcuNTwvZGl2Pgo8ZGl2IGNsYXNzPSJkaXZUYWJsZUNlbGwiPjggLSA5LjU8L2Rpdj4KPGRpdiBjbGFzcz0iZGl2VGFibGVDZWxsIj4xMCAtIDExLjU8L2Rpdj4KPC9kaXY+CjxkaXYgY2xhc3M9ImRpdlRhYmxlUm93Ij4KPGRpdiBjbGFzcz0iZGl2VGFibGVDZWxsSGVhZCI+QUxURVpaQTwvZGl2Pgo8ZGl2IGNsYXNzPSJkaXZUYWJsZUNlbGwiPjI2ICsvLSAxLDUgY208L2Rpdj4KPGRpdiBjbGFzcz0iZGl2VGFibGVDZWxsIj4yOCArLy0gMSw1IGNtPC9kaXY+CjxkaXYgY2xhc3M9ImRpdlRhYmxlQ2VsbCI+MzAgKy8tIDEsNSBjbTwvZGl2Pgo8ZGl2IGNsYXNzPSJkaXZUYWJsZUNlbGwiPjMyICsvLSAxLDUgY208L2Rpdj4KPC9kaXY+CjwvZGl2Pgo8L2Rpdj4=[\/vc_raw_html][\/vc_column_inner][\/vc_row_inner][\/vc_column][\/vc_row]<\/p>\n<\/div>","protected":false},"excerpt":{"rendered":"<p>La Long Black Classics mantiene la collaudata costruzione classica e aggiunge un gambaletto pi\u00f9 alto di 3 cm per una vestibilit\u00e0 moderna da corsa su strada. Offre le stesse prestazioni traspiranti, stabili e adatte all&#8217;uso quotidiano, ora con una silhouette pi\u00f9 lunga. <\/p>\n<p>Motivi per acquistare:<\/p>\n<ul>\n<li>Il modello Black Classics pi\u00f9 venduto, +3 cm in altezza.<\/li>\n<li>Tessuto a rete traspirante per il massimo comfort nelle giornate calde.<\/li>\n<li>Filato PROLEN\u00ae leggero per il controllo dell&#8217;umidit\u00e0.<\/li>\n<li>Stile minimalista e scuro, facile da abbinare.<\/li>\n<\/ul>\n<p><img decoding=\"async\" class=\"alignnone wp-image-658 size-medium\" role=\"img\" src=\"https:\/\/nologo.cc\/wp-content\/uploads\/2023\/11\/Trustpilot-Excellent-Rating-ShortDesc.svg\" alt=\"\" width=\"300\" height=\"300\"><\/p>\n<p>Sei tra due taglie? Ti consigliamo di scegliere una taglia in meno.<br \/>\n Consulta la <a class=\"nm-lightbox\" href=\"#classic-size\">Guida alle taglie<\/a> . <\/p>\n<p>Valutato da clienti verificati:<\/p>\n","protected":false},"featured_media":8485,"comment_status":"open","ping_status":"closed","template":"","meta":[],"product_brand":[],"product_cat":[197],"product_tag":[],"class_list":{"0":"post-8444","1":"product","2":"type-product","3":"status-publish","4":"has-post-thumbnail","6":"product_cat-calzini-da-ciclismo-classici","8":"first","9":"instock","10":"taxable","11":"shipping-taxable","12":"purchasable","13":"product-type-variable"},"_links":{"self":[{"href":"https:\/\/nologo.cc\/it\/wp-json\/wp\/v2\/product\/8444","targetHints":{"allow":["GET"]}}],"collection":[{"href":"https:\/\/nologo.cc\/it\/wp-json\/wp\/v2\/product"}],"about":[{"href":"https:\/\/nologo.cc\/it\/wp-json\/wp\/v2\/types\/product"}],"replies":[{"embeddable":true,"href":"https:\/\/nologo.cc\/it\/wp-json\/wp\/v2\/comments?post=8444"}],"wp:featuredmedia":[{"embeddable":true,"href":"https:\/\/nologo.cc\/it\/wp-json\/wp\/v2\/media\/8485"}],"wp:attachment":[{"href":"https:\/\/nologo.cc\/it\/wp-json\/wp\/v2\/media?parent=8444"}],"wp:term":[{"taxonomy":"product_brand","embeddable":true,"href":"https:\/\/nologo.cc\/it\/wp-json\/wp\/v2\/product_brand?post=8444"},{"taxonomy":"product_cat","embeddable":true,"href":"https:\/\/nologo.cc\/it\/wp-json\/wp\/v2\/product_cat?post=8444"},{"taxonomy":"product_tag","embeddable":true,"href":"https:\/\/nologo.cc\/it\/wp-json\/wp\/v2\/product_tag?post=8444"}],"curies":[{"name":"wp","href":"https:\/\/api.w.org\/{rel}","templated":true}]}}